{"id":292,"date":"2026-04-24T16:18:41","date_gmt":"2026-04-24T16:18:41","guid":{"rendered":"http:\/\/www.sztukiperformatywne.pl\/?page_id=292"},"modified":"2026-04-27T14:57:43","modified_gmt":"2026-04-27T14:57:43","slug":"aktualnosci","status":"publish","type":"page","link":"https:\/\/www.sztukiperformatywne.pl\/?page_id=292","title":{"rendered":"aktualno\u015bci"},"content":{"rendered":"\t\t<div data-elementor-type=\"wp-page\" data-elementor-id=\"292\" class=\"elementor elementor-292\" data-elementor-post-type=\"page\">\n\t\t\t\t<div class=\"elementor-element elementor-element-e4dd027 e-flex e-con-boxed e-con e-parent\" data-id=\"e4dd027\" data-element_type=\"container\" data-e-type=\"container\">\n\t\t\t\t\t<div class=\"e-con-inner\">\n\t\t<div class=\"elementor-element elementor-element-52c79ea e-con-full e-transform e-flex e-con e-child\" data-id=\"52c79ea\" data-element_type=\"container\" data-e-type=\"container\" data-settings=\"{&quot;background_background&quot;:&quot;classic&quot;,&quot;_transform_rotateZ_effect&quot;:{&quot;unit&quot;:&quot;px&quot;,&quot;size&quot;:&quot;&quot;,&quot;sizes&quot;:[]},&quot;_transform_rotateZ_effect_tablet&quot;:{&quot;unit&quot;:&quot;deg&quot;,&quot;size&quot;:&quot;&quot;,&quot;sizes&quot;:[]},&quot;_transform_rotateZ_effect_mobile&quot;:{&quot;unit&quot;:&quot;deg&quot;,&quot;size&quot;:&quot;&quot;,&quot;sizes&quot;:[]}}\">\n\t\t\t\t<div class=\"elementor-element elementor-element-6eca0c2 e-transform elementor-widget elementor-widget-heading\" data-id=\"6eca0c2\" data-element_type=\"widget\" data-e-type=\"widget\" data-settings=\"{&quot;_transform_rotateZ_effect&quot;:{&quot;unit&quot;:&quot;px&quot;,&quot;size&quot;:90,&quot;sizes&quot;:[]},&quot;_transform_rotateZ_effect_tablet&quot;:{&quot;unit&quot;:&quot;deg&quot;,&quot;size&quot;:&quot;&quot;,&quot;sizes&quot;:[]},&quot;_transform_rotateZ_effect_mobile&quot;:{&quot;unit&quot;:&quot;deg&quot;,&quot;size&quot;:&quot;&quot;,&quot;sizes&quot;:[]}}\" data-widget_type=\"heading.default\">\n\t\t\t\t\t<h2 class=\"elementor-heading-title elementor-size-default\">aktualno\u015bci<\/h2>\t\t\t\t<\/div>\n\t\t\t\t<\/div>\n\t\t<div class=\"elementor-element elementor-element-5ab3ba16 e-con-full e-flex e-con e-child\" data-id=\"5ab3ba16\" data-element_type=\"container\" data-e-type=\"container\" data-settings=\"{&quot;background_background&quot;:&quot;classic&quot;}\">\n\t\t\t\t<div class=\"elementor-element elementor-element-57a6f5f9 e-con e-atomic-element e-flexbox-base e-57a6f5f9-0e1c036\" data-id=\"57a6f5f9\" data-element_type=\"e-flexbox\" data-e-type=\"e-flexbox\" data-interaction-id=\"57a6f5f9\" data-e-type=\"e-flexbox\" data-id=\"57a6f5f9\">\n\t\t\t\t<div class=\"elementor-element elementor-element-8cd9421 elementor-widget elementor-widget-heading\" data-id=\"8cd9421\" data-element_type=\"widget\" data-e-type=\"widget\" data-widget_type=\"heading.default\">\n\t\t\t\t\t<h2 class=\"elementor-heading-title elementor-size-default\"><p><b><span style=\"font-size:18.0pt;line-height:115%;,sans-serif;color:black\">Przestrze\u0144 wymiany i mo\u017cliwo\u015bci \u2013 Polska Sie\u0107 Sztuk Performatywnych og\u0142asza manifest i zaprasza do wsp\u00f3\u0142pracy<\/span><\/b><span style=\"color: inherit;font-size: 2rem\"><\/span><\/p><\/h2>\t\t\t\t<\/div>\n\t\t\t\t<div class=\"elementor-element elementor-element-214c400 elementor-widget elementor-widget-text-editor\" data-id=\"214c400\" data-element_type=\"widget\" data-e-type=\"widget\" data-widget_type=\"text-editor.default\">\n\t\t\t\t\t\t\t\t\t<p>Przestrze\u0144 wymiany i mo\u017cliwo\u015bci \u2013 Polska Sie\u0107 Sztuk Performatywnych og\u0142asza manifest i zaprasza do wsp\u00f3\u0142pracy.<\/p>\t\t\t\t\t\t\t\t<\/div>\n\t\t\t\t<div class=\"elementor-element elementor-element-2103e36 elementor-widget elementor-widget-text-editor\" data-id=\"2103e36\" data-element_type=\"widget\" data-e-type=\"widget\" data-widget_type=\"text-editor.default\">\n\t\t\t\t\t\t\t\t\t<p>Polska Sie\u0107 Sztuk Performatywnych (PSSP), wieloletnie przedsi\u0119wzi\u0119cie zainicjowane w 2024 roku, wspiera rozw\u00f3j oraz promocj\u0119 r\u00f3\u017cnych form sztuk performatywnych, takich jak teatr, taniec, muzyka czy performance. Obecnie sie\u0107 tworzy sze\u015b\u0107 instytucji z pi\u0119ciu polskich miast: Instytut Kultury Miejskiej w Gda\u0144sku, Teatr Komuna Warszawa, Centrum Kultury ZAMEK w Poznaniu, lubelskie Centrum Kultury, pozna\u0144ski \u201ePawilon\u201d i szczeci\u0144ski Teatr Kana.<\/p>\t\t\t\t\t\t\t\t<\/div>\n\t\t\t\t<div class=\"elementor-element elementor-element-e3dab71 elementor-widget elementor-widget-text-editor\" data-id=\"e3dab71\" data-element_type=\"widget\" data-e-type=\"widget\" data-widget_type=\"text-editor.default\">\n\t\t\t\t\t\t\t\t\t<p>Podczas pilota\u017cu prowadzonego w latach 2024\u20122025 uda\u0142o si\u0119 wypracowa\u0107 mechanizm koprodukcji i wymiany spektakli. W tej formule powsta\u0142o przedstawienie \u201eGods of love\u201d (Marii Magdaleny Koz\u0142owskiej, Magdy Kupryjanowicz i Oskara Malinowskiego).<\/p>\t\t\t\t\t\t\t\t<\/div>\n\t\t\t\t<div class=\"elementor-element elementor-element-085d570 elementor-widget elementor-widget-text-editor\" data-id=\"085d570\" data-element_type=\"widget\" data-e-type=\"widget\" data-widget_type=\"text-editor.default\">\n\t\t\t\t\t\t\t\t\t<p>Te pierwsze wsp\u00f3lne i intensywne do\u015bwiadczenia zaowocowa\u0142y og\u0142oszeniem dost\u0119pnego poni\u017cej manifestu Polskiej Sieci Sztuk Peformatywnych.<\/p>\t\t\t\t\t\t\t\t<\/div>\n\t\t\t\t<div class=\"elementor-element elementor-element-08dda61 elementor-widget elementor-widget-text-editor\" data-id=\"08dda61\" data-element_type=\"widget\" data-e-type=\"widget\" data-widget_type=\"text-editor.default\">\n\t\t\t\t\t\t\t\t\t<p>\u2013 \u0141\u0105czymy do\u015bwiadczenie instytucji z dynamik\u0105 pracy artyst\u00f3w niezale\u017cnych. Budujemy zaplecze produkcyjne, kt\u00f3re umo\u017cliwia powstawanie nowych dzie\u0142 dost\u0119pnych dla szerokiej publiczno\u015bci \u2013 nie pomimo systemu, lecz dzi\u0119ki \u015bwiadomie wykorzystywanym i tworzonym strukturom \u2013 m\u00f3wi\u0105 przedstawicielki i przedstawiciele instytucji tworz\u0105cych Polsk\u0105 Sie\u0107 Sztuk Performatywnych w swym manife\u015bcie.<\/p>\t\t\t\t\t\t\t\t<\/div>\n\t\t\t\t<div class=\"elementor-element elementor-element-9ef8493 elementor-widget elementor-widget-text-editor\" data-id=\"9ef8493\" data-element_type=\"widget\" data-e-type=\"widget\" data-widget_type=\"text-editor.default\">\n\t\t\t\t\t\t\t\t\t<p><strong>Tre\u015bci, kt\u00f3re maj\u0105 znaczenie<\/strong><\/p>\t\t\t\t\t\t\t\t<\/div>\n\t\t\t\t<div class=\"elementor-element elementor-element-d442aa4 elementor-widget elementor-widget-text-editor\" data-id=\"d442aa4\" data-element_type=\"widget\" data-e-type=\"widget\" data-widget_type=\"text-editor.default\">\n\t\t\t\t\t\t\t\t\t<p>Dzi\u0119ki dofinansowaniu Ministerstwa Kultury i Dziedzictwa Narodowego sie\u0107 kontynuuje swoje dzia\u0142ania, zapowiadaj\u0105c premiery dw\u00f3ch spektakli. Jeszcze w 2026 roku b\u0119dzie mo\u017cna zobaczy\u0107 bezkompromisow\u0105 realizacj\u0119 Pracowni Prawa Performatywnego. Natomiast na 2027 rok planowana jest prezentacja projektu Gosi Wdowik, kt\u00f3ra z czu\u0142o\u015bci\u0105 i odwag\u0105 przekszta\u0142ca osobiste do\u015bwiadczenia w intensywne formy performatywne. Wa\u017cn\u0105 cz\u0119\u015bci\u0105 programu Sieci b\u0119d\u0105 prezentacje gotowych spektakli wybranych w open call.<\/p>\t\t\t\t\t\t\t\t<\/div>\n\t\t\t\t<div class=\"elementor-element elementor-element-df77a48 elementor-widget elementor-widget-text-editor\" data-id=\"df77a48\" data-element_type=\"widget\" data-e-type=\"widget\" data-widget_type=\"text-editor.default\">\n\t\t\t\t\t\t\t\t\t<p>\u2013 Nasze dzia\u0142anie wpisuje si\u0119 w europejski horyzont sztuk performatywnych: wybieramy r\u00f3\u017cnorodno\u015b\u0107 zamiast jednorodno\u015bci, wra\u017cliwo\u015b\u0107 zamiast oboj\u0119tno\u015bci, mobilno\u015b\u0107 zamiast stagnacji \u2013 manifest PSSP.<\/p>\t\t\t\t\t\t\t\t<\/div>\n\t\t\t\t<div class=\"elementor-element elementor-element-63eb014 elementor-widget elementor-widget-text-editor\" data-id=\"63eb014\" data-element_type=\"widget\" data-e-type=\"widget\" data-widget_type=\"text-editor.default\">\n\t\t\t\t\t\t\t\t\t<p>Premiery oraz wybrane w naborze spektakle b\u0119d\u0105 pokazywane we wszystkich o\u015brodkach partnerskich Sieci. Ta nowatorska w Polsce formu\u0142a pozwoli znacz\u0105co poszerzy\u0107 widowni\u0119 sztuk performatywnych. Jest to tak\u017ce istotne wsparcie dla dzia\u0142aj\u0105cych najcz\u0119\u015bciej poza strukturami teatr\u00f3w repertuarowych artystek i artyst\u00f3w, kt\u00f3rych tw\u00f3rczo\u015b\u0107 wci\u0105\u017c nie doczeka\u0142a si\u0119 trwa\u0142ego, instytucjonalnego wsparcia.<\/p>\t\t\t\t\t\t\t\t<\/div>\n\t\t\t\t<div class=\"elementor-element elementor-element-3e43604 elementor-widget elementor-widget-text-editor\" data-id=\"3e43604\" data-element_type=\"widget\" data-e-type=\"widget\" data-widget_type=\"text-editor.default\">\n\t\t\t\t\t\t\t\t\t<p><em>\u2013 Polski system teatralny, oparty na stabilno\u015bci instytucji i zamkni\u0119tych zespo\u0142ach, zapewnia ci\u0105g\u0142o\u015b\u0107 \u2013 lecz ogranicza ryzyko. A bez ryzyka nie ma ruchu. Bez ruchu nie ma \u017cycia. Bez \u017cycia nie ma sztuki.<\/em><\/p>\t\t\t\t\t\t\t\t<\/div>\n\t\t\t\t<div class=\"elementor-element elementor-element-bd648a9 elementor-widget elementor-widget-text-editor\" data-id=\"bd648a9\" data-element_type=\"widget\" data-e-type=\"widget\" data-widget_type=\"text-editor.default\">\n\t\t\t\t\t\t\t\t\t<p>Wsp\u00f3\u0142praca jako narz\u0119dzie zmiany<\/p>\t\t\t\t\t\t\t\t<\/div>\n\t\t\t\t<div class=\"elementor-element elementor-element-30732c0 elementor-widget elementor-widget-text-editor\" data-id=\"30732c0\" data-element_type=\"widget\" data-e-type=\"widget\" data-widget_type=\"text-editor.default\">\n\t\t\t\t\t\t\t\t\t<p>Polska Sie\u0107 Sztuk Performatywnych chce r\u00f3wnie\u017c zaj\u0105\u0107 si\u0119 diagnoz\u0105 stanu sztuk performatywnych w Polsce. Temu zostanie po\u015bwi\u0119cona debata zaplanowana na czwartek, 14 maja 2026 roku, godz. 18:00. Wydarzenie b\u0119dzie bezp\u0142atne i b\u0119dzie mo\u017cna w nim wzi\u0105\u0107 udzia\u0142 na \u017cywo w siedzibie Teatru Komuny Warszawa (ul. Emilii Plater 31, Warszawa) lub \u015bledz\u0105c streaming dost\u0119pny w mediach spo\u0142eczno\u015bciowych.<\/p><p>Podczas spotkania b\u0119d\u0105 obecne przedstawicielki i przedstawiciele instytucji tworz\u0105cych PSSP, zaproszone osoby artystyczne oraz osoby zajmuj\u0105ce si\u0119 naukowo lub dziennikarsko teatrem i innymi sztukami performatywnymi.<\/p>\t\t\t\t\t\t\t\t<\/div>\n\t\t\t\t<div class=\"elementor-element elementor-element-f7f987e elementor-widget-divider--view-line elementor-widget elementor-widget-divider\" data-id=\"f7f987e\" data-element_type=\"widget\" data-e-type=\"widget\" data-widget_type=\"divider.default\">\n\t\t\t\t\t\t\t<div class=\"elementor-divider\">\n\t\t\t<span class=\"elementor-divider-separator\">\n\t\t\t\t\t\t<\/span>\n\t\t<\/div>\n\t\t\t\t\t\t<\/div>\n\t\t\t\t<div class=\"elementor-element elementor-element-3df7eb0 elementor-widget elementor-widget-text-editor\" data-id=\"3df7eb0\" data-element_type=\"widget\" data-e-type=\"widget\" data-widget_type=\"text-editor.default\">\n\t\t\t\t\t\t\t\t\t<p>Polska Sie\u0107 Sztuk Performatywnych:<\/p>\t\t\t\t\t\t\t\t<\/div>\n\t\t\t\t<div class=\"elementor-element elementor-element-8e142fe elementor-widget elementor-widget-text-editor\" data-id=\"8e142fe\" data-element_type=\"widget\" data-e-type=\"widget\" data-widget_type=\"text-editor.default\">\n\t\t\t\t\t\t\t\t\t<p>\u2022 Instytut Kultury Miejskiej (Gda\u0144sk), https:\/\/ikm.gda.pl<br \/>\u2022 Teatr Komuna Warszawa (Warszawa), https:\/\/komuna.warszawa.pl<br \/>\u2022 Centrum Kultury ZAMEK (Pozna\u0144), https:\/\/ckzamek.pl<br \/>\u2022 Centrum Kultury (Lublin), https:\/\/ck.lublin.pl<br \/>\u2022 \u201ePawilon\u201d (Pozna\u0144), https:\/\/pawilon.org<br \/>\u2022 Teatr Kana (Szczecin), https:\/\/www.teatrkana.pl<\/p>\t\t\t\t\t\t\t\t<\/div>\n\t\t\t\t<\/div>\n\t\t\t\t<\/div>\n\t\t\t\t\t<\/div>\n\t\t\t\t<\/div>\n\t\t\t\t<\/div>\n\t\t","protected":false},"excerpt":{"rendered":"<p>aktualno\u015bci Przestrze\u0144 wymiany i mo\u017cliwo\u015bci \u2013 Polska Sie\u0107 Sztuk Performatywnych og\u0142asza manifest i zaprasza do wsp\u00f3\u0142pracy Przestrze\u0144 wymiany i mo\u017cliwo\u015bci \u2013 Polska Sie\u0107 Sztuk Performatywnych og\u0142asza manifest i zaprasza do wsp\u00f3\u0142pracy. Polska Sie\u0107 Sztuk Performatywnych (PSSP), wieloletnie przedsi\u0119wzi\u0119cie zainicjowane w 2024 roku, wspiera rozw\u00f3j oraz promocj\u0119 r\u00f3\u017cnych form sztuk performatywnych, takich jak teatr, taniec, muzyka [&hellip;]<\/p>\n","protected":false},"author":1,"featured_media":0,"parent":0,"menu_order":0,"comment_status":"closed","ping_status":"closed","template":"","meta":{"footnotes":""},"class_list":["post-292","page","type-page","status-publish","hentry"],"_links":{"self":[{"href":"https:\/\/www.sztukiperformatywne.pl\/index.php?rest_route=\/wp\/v2\/pages\/292","targetHints":{"allow":["GET"]}}],"collection":[{"href":"https:\/\/www.sztukiperformatywne.pl\/index.php?rest_route=\/wp\/v2\/pages"}],"about":[{"href":"https:\/\/www.sztukiperformatywne.pl\/index.php?rest_route=\/wp\/v2\/types\/page"}],"author":[{"embeddable":true,"href":"https:\/\/www.sztukiperformatywne.pl\/index.php?rest_route=\/wp\/v2\/users\/1"}],"replies":[{"embeddable":true,"href":"https:\/\/www.sztukiperformatywne.pl\/index.php?rest_route=%2Fwp%2Fv2%2Fcomments&post=292"}],"version-history":[{"count":55,"href":"https:\/\/www.sztukiperformatywne.pl\/index.php?rest_route=\/wp\/v2\/pages\/292\/revisions"}],"predecessor-version":[{"id":934,"href":"https:\/\/www.sztukiperformatywne.pl\/index.php?rest_route=\/wp\/v2\/pages\/292\/revisions\/934"}],"wp:attachment":[{"href":"https:\/\/www.sztukiperformatywne.pl\/index.php?rest_route=%2Fwp%2Fv2%2Fmedia&parent=292"}],"curies":[{"name":"wp","href":"https:\/\/api.w.org\/{rel}","templated":true}]}}